{"id":10,"date":"2020-03-21T12:10:10","date_gmt":"2020-03-21T12:10:10","guid":{"rendered":"http:\/\/praxis-mengling.de\/?page_id=10"},"modified":"2020-03-22T15:16:22","modified_gmt":"2020-03-22T15:16:22","slug":"datenschutz","status":"publish","type":"page","link":"https:\/\/praxis-mengling.de\/?page_id=10","title":{"rendered":"Datenschutz"},"content":{"rendered":"\t\t<div data-elementor-type=\"wp-page\" data-elementor-id=\"10\" class=\"elementor elementor-10\">\n\t\t\t\t\t\t<div class=\"elementor-inner\">\n\t\t\t\t<div class=\"elementor-section-wrap\">\n\t\t\t\t\t\t\t\t\t<section class=\"elementor-section elementor-top-section elementor-element elementor-element-6fb0832 elementor-section-boxed elementor-section-height-default elementor-section-height-default\" data-id=\"6fb0832\" data-element_type=\"section\" data-settings=\"{&quot;_ha_eqh_enable&quot;:false}\">\n\t\t\t\t\t\t<div class=\"elementor-container elementor-column-gap-default\">\n\t\t\t\t\t\t\t<div class=\"elementor-row\">\n\t\t\t\t\t<div class=\"elementor-column elementor-col-100 elementor-top-column elementor-element elementor-element-a559ecd\" data-id=\"a559ecd\" data-element_type=\"column\">\n\t\t\t<div class=\"elementor-column-wrap elementor-element-populated\">\n\t\t\t\t\t\t\t<div class=\"elementor-widget-wrap\">\n\t\t\t\t\t\t<div class=\"elementor-element elementor-element-d78409d elementor-widget elementor-widget-heading\" data-id=\"d78409d\" data-element_type=\"widget\" data-widget_type=\"heading.default\">\n\t\t\t\t<div class=\"elementor-widget-container\">\n\t\t\t<h1 class=\"elementor-heading-title elementor-size-default\">Datenschutzrechtliche Einwilligungserkl\u00e4rung<\/h1>\t\t<\/div>\n\t\t\t\t<\/div>\n\t\t\t\t\t\t<\/div>\n\t\t\t\t\t<\/div>\n\t\t<\/div>\n\t\t\t\t\t\t\t\t<\/div>\n\t\t\t\t\t<\/div>\n\t\t<\/section>\n\t\t\t\t<section class=\"elementor-section elementor-top-section elementor-element elementor-element-4d38f3e elementor-section-boxed elementor-section-height-default elementor-section-height-default\" data-id=\"4d38f3e\" data-element_type=\"section\" data-settings=\"{&quot;_ha_eqh_enable&quot;:false}\">\n\t\t\t\t\t\t<div class=\"elementor-container elementor-column-gap-default\">\n\t\t\t\t\t\t\t<div class=\"elementor-row\">\n\t\t\t\t\t<div class=\"elementor-column elementor-col-100 elementor-top-column elementor-element elementor-element-742f4b9\" data-id=\"742f4b9\" data-element_type=\"column\">\n\t\t\t<div class=\"elementor-column-wrap elementor-element-populated\">\n\t\t\t\t\t\t\t<div class=\"elementor-widget-wrap\">\n\t\t\t\t\t\t<div class=\"elementor-element elementor-element-88f1413 elementor-widget elementor-widget-text-editor\" data-id=\"88f1413\" data-element_type=\"widget\" data-widget_type=\"text-editor.default\">\n\t\t\t\t<div class=\"elementor-widget-container\">\n\t\t\t\t\t\t\t\t<div class=\"elementor-text-editor elementor-clearfix\">\n\t\t\t\t<div class=\"ce_text privacy_item general_part1 block\">Seehr geehrte Damen und Herren,<\/div><div class=\"ce_text privacy_item general_part1 block\">mit dieser Datenschutzerkl\u00e4rung m\u00f6chten wir Sie \u00fcber Art, Umfang und Zweck der Verarbeitung von personenbezogenen Daten auf unserer Webseite aufkl\u00e4ren. Personenbezogene Daten sind alle Daten, die einen pers\u00f6nlichen Bezug zu Ihnen aufweisen, z. B. Name, Adresse, E-Mail-Adresse oder Nutzerverhalten.<\/div><div class=\"ce_text privacy_item contact_responsible block\"><h2>\u00a0<\/h2><h2>Wer bei uns f\u00fcr die Datenverarbeitung verantwortlich ist<\/h2><p>Verantwortlich f\u00fcr die Datenverarbeitung ist:<\/p><p>Zahnarzt Uwe Mengling<\/p><p>Gottlienstalstra\u00dfe 4<\/p><p>95460 Bad Berneck<\/p><p>Telefon +49 (0) 9273 966 200<\/p><p>E-Mail: info@praxis-mengling.de<\/p><\/div><div class=\"ce_text privacy_item general_part3 block\"><h2>Verarbeitung Ihrer Daten im Rahmen unserer T\u00e4tigkeit in der Gesundheitsvorsorge<\/h2><p>Wir verarbeiten Ihre an uns \u00fcbertragene personenbezogene Daten im Rahmen der zwischen uns bestehenden vertraglichen und vorvertraglichen Beziehungen. Umfang, Art, Zweck und Erforderlichkeit der Verarbeitung richtet sich nach dem jeweils zugrundeliegenden Vertragsverh\u00e4ltnis. Hierzu speichern und verarbeiten wir Ihre Daten in den von uns genutzten Computersystemen. Zu den von uns verarbeiteten Daten geh\u00f6ren all diejenigen Daten, die zum Zwecke der Inanspruchnahme der vertraglichen oder vorvertraglichen Leistungen durch Sie bereitgestellt wurden und zur Abwicklung Ihrer Anfrage oder des zwischen uns geschlossenen Vertrages ben\u00f6tigt werden.Hierzu k\u00f6nnen insbesondere folgende Daten z\u00e4hlen:<\/p><ul><li>Name und Adresse<\/li><li>E-Mailadresse und Telefonnummer<\/li><li>Vertragsdaten<\/li><li>Zahlungsdaten.<\/li><\/ul><p>Die Verarbeitung beschr\u00e4nkt sich auf diejenigen Daten, die\u00a0zur\u00a0Beantwortung\u00a0von Anfragen und\/oder zur Erf\u00fcllung eines zwischen Ihnen und uns geschlossenen Vertrages erforderlich und zweckm\u00e4\u00dfig sind.\u00a0Die Verarbeitung umfasst auch besondere Kategorien personenbezogen Daten nach Art. 9 Abs. 1 DSGVO. Die Verarbeitung erfolgt im Rahmen der Gesundheitsvorsorge gem. Art. 9 Abs. 2 lit. h) DSGVO, \u00a7 22 Abs. 1 Nr. 1 b) BDSG. Im \u00dcbrigen holen wir, sofern erforderlich, vor der Verarbeitung Ihre Einwilligung nach Art. 9 Abs. 2 lit. a) ein. Eine Weitergabe der Daten an Dritte erfolgt nur, wenn dies zum Zwecke der Erbringung der Leistung oder im Rahmen der Organisation unseres Betriebes zur Abwicklung der Finanzbuchhaltung sowie der Befolgung gesetzlicher Verpflichtungen erforderlich ist. In diesem Fall werden nur diejenigen Daten an externe Dienstleister \u00fcbertragen, die zur Erf\u00fcllung des Vertrages oder zur Abwicklung der Finanzbuchhaltung sowie der Befolgung gesetzlicher Verpflichtungen erforderlich und zweckm\u00e4\u00dfig sind. <strong>Rechtsgrundlage:<\/strong> Die Verarbeitung Ihrer personenbezogenen Daten sowie die \u00dcbertragung an Dritte erfolgt gem\u00e4\u00df Art. 6 Abs. 1 lit. b) DSGVO und dient dazu, den Vertrag zwischen Ihnen und uns zu erf\u00fcllen. Im \u00dcbrigen geben wir Daten an Dritte nur dann weiter, wenn hierzu eine gesetzliche Verpflichtung besteht, Art. 6 Abs. 1 lit. c) DSGVO, wenn Sie in die Weitergabe eingewilligt haben, Art. 6 Abs. 1 lit. a), die Weitergabe erforderlich ist um Sie betreffende lebenswichtige Interessen oder einer anderen nat\u00fcrlichen Person zu sch\u00fctzen, Art. 6 Abs. 1 lit. d) oder wenn f\u00fcr uns hieran ein berechtigtes Interesse besteht, Art. 6 Abs. 1 lit f) DSGVO. Dies ist beispielsweise dann der Fall, wenn dies zur Verfolgung unserer Anspr\u00fcche erforderlich ist. <strong>L\u00f6schung:<\/strong> Die L\u00f6schung Ihrer Daten erfolgt sobald die Daten nicht mehr zu Erf\u00fcllung vertraglicher oder gesetzlicher F\u00fcrsorgepflichten sowie f\u00fcr den Umgang mit etwaigen Gew\u00e4hrleistungs- und vergleichbaren Pflichten erforderlich sind. Hiervon bleiben die gesetzlichen Aufbewahrungspflichten unber\u00fchrt.<\/p><\/div><div class=\"ce_text privacy_item external_hosting block\"><h2>Webhosting<\/h2><p>Wir bedienen uns zum Vorhalten unserer Onlinepr\u00e4senz eines Internet-Service-Providers, auf dessen Server die Webseite gespeichert wird (Hosting) und der unsere Seite im Internet verf\u00fcgbar macht. Hierbei verarbeitet der Internet-Service-Provider in unserem Auftrag Kontaktdaten, Inhaltsdaten, Vertragsdaten, Nutzungsdaten, Bestandsdaten sowie Meta- und Kommunikationsdaten. \u00a0<strong>Rechtsgrundlage: <\/strong>Der Internet-Service-Provider verarbeitet die vorgenannten Daten in unserem Auftrag, Art. 28 DSGVO. Die Datenverarbeitung erfolgt auf Grund unseres berechtigten Interesses an einer effizienten und sicheren Bereitstellung unseres Internetangebotes ein, Art. 6 Abs. 1 lit. f) DSGVO.<\/p><\/div><div class=\"ce_text block\"><h2>Angaben zu den von uns vorgehaltenen Kontaktaufnahmem\u00f6glichkeiten<\/h2><p>Soweit Sie uns \u00fcber E-Mail, Soziale Medien, Telefon, Fax, Post, unser Kontaktformular oder sonstwie ansprechen und uns hierbei personenbezogene Daten wie Ihren Namen, Ihre Telefonnummer oder Ihre E-Mail-Adresse zur Verf\u00fcgung stellen oder weitere Angaben zur Ihrer Person oder Ihrem Anliegen machen, werden diese Daten zur Verarbeitung Ihrer Anfrage in unserem Hause gespeichert und weiterverarbeitet. <strong>Rechtsgrundlage<\/strong>: Sofern Sie Ihre Anfrage \u00fcber unser Kontaktformular gestellt haben, ist die Rechtsgrundlage f\u00fcr die Verarbeitung Ihrer Daten Art. 6 Abs.1 lit. a DSGVO. Sofern Sie Ihre Anfrage im Rahmen vertraglicher oder vorvertraglicher Beziehungen mit uns stellen, ist die Rechtsgrundlage f\u00fcr die Verarbeitung Ihrer Daten Art. 6 Abs. 1 lit. b. DSGVO.\u00a0Sofern Ihre\u00a0Anfrage nicht unter eine der vorgenannten Kategorien f\u00e4llt,\u00a0liegt unser berechtigtes Interesse an der Verarbeitung Ihrer Daten darin, Ihre Anfrage ordnungsgem\u00e4\u00df und in Ihrem Sinne zu beantworten, Art. 6 Abs. 1 lit. f DSGVO.\u00a0<strong>L\u00f6schung:\u00a0<\/strong>Die von uns erhobenen personenbezogenen Daten werden gel\u00f6scht, sofern sie nicht mehr erforderlich sind. Wir \u00fcberpr\u00fcfen die Erforderlichkeit alle 2 Jahre. Au\u00dferdem k\u00f6nnen Sie die Datenverarbeitung jederzeit widerrufen.<\/p><\/div><div class=\"ce_text privacy_item general_part3 block\"><h2>Ihre Rechte nach der DSGVO<\/h2><p>Nach der DSGVO stehen Ihnen die nachfolgend aufgef\u00fchrten Rechte zu, die Sie jederzeit bei dem in Ziffer 1. dieser Datenschutzerkl\u00e4rung genannten Verantwortlichen geltend machen k\u00f6nnen:<\/p><ul><li><strong>Recht auf Auskunft:<\/strong> Sie k\u00f6nnen nach Art. 15 DSGVO eine Best\u00e4tigung dar\u00fcber verlangen, ob und welche personenbezogenen Daten wir von Ihnen verarbeiten. Dar\u00fcber hinaus k\u00f6nnen Sie von uns unentgeltlich Auskunft \u00fcber die Verarbeitungszwecke, die Kategorie der personenbezogenen Daten, die Kategorien von Empf\u00e4ngern, gegen\u00fcber denen Ihre Daten offengelegt wurden oder werden, die geplante Speicherdauer, das Bestehen eines Rechts auf Berichtigung, L\u00f6schung, Einschr\u00e4nkung der Verarbeitung oder Widerspruch, das Bestehen eines Beschwerderechts sowie die Herkunft ihrer Daten, sofern diese nicht bei uns erhoben wurden, verlangen. Ferner steht Ihnen ein Auskunftsrecht dar\u00fcber zu, ob Ihre personenbezogenen Daten an ein Drittland oder an eine internationale Organisation \u00fcbermittelt wurden. Sofern dies der Fall ist, steht Ihnen das Recht zu, Auskunft \u00fcber die geeigneten Garantien im Zusammenhang mit der \u00dcbermittlung zu erhalten.<\/li><li><strong>Recht auf Berichtigung:<\/strong> Gem\u00e4\u00df Art. 16 DSGVO k\u00f6nnen Sie die Berichtigung unrichtiger oder Vervollst\u00e4ndigung unvollst\u00e4ndiger der bei uns gespeicherten und Sie betreffenden personenbezogenen Daten verlangen.<\/li><li><strong>Recht auf L\u00f6schung:<\/strong> Gem\u00e4\u00df Art. 17 DSGVO steht Ihnen das Recht zu, die L\u00f6schung Ihrer bei uns gespeicherten personenbezogenen Daten zu verlangen, soweit wir deren Verarbeitung nicht zu folgenden Zwecken ben\u00f6tigen:<ul><li>zur Erf\u00fcllung einer rechtlichen Verpflichtung,<\/li><li>zur Geltendmachung, Aus\u00fcbung oder Verteidigung von Rechtsanspr\u00fcchen,<\/li><li>zur Aus\u00fcbung des Rechts auf freie Meinungs\u00e4u\u00dferung und Information oder<\/li><li>aus Gr\u00fcnden der in Art. 17 Abs. 3 lit c und d DSGVO genannten F\u00e4lle des \u00f6ffentlichen Interesses.<\/li><\/ul><\/li><li><strong>Recht auf Einschr\u00e4nkung:<\/strong> Gem\u00e4\u00df Art. 18 DSGVO haben Sie das Recht, die Einschr\u00e4nkung der Verarbeitung Ihrer personenbezogenen Daten zu verlangen, wenn<ul><li>die Richtigkeit der Daten von Ihnen bestritten wird, und zwar f\u00fcr eine Dauer, die es uns erm\u00f6glicht, die Richtigkeit der personenbezogenen Daten zu \u00fcberpr\u00fcfen,<\/li><li>die Verarbeitung Ihrer Daten unrechtm\u00e4\u00dfig ist, Sie aber deren L\u00f6schung ablehnen und stattdessen die Einschr\u00e4nkung der Nutzung der Daten verlangen,<\/li><li>wir die personenbezogenen Daten f\u00fcr die Zwecke der Verarbeitung nicht l\u00e4nger ben\u00f6tigen, Sie die Daten jedoch zur Geltendmachung, Aus\u00fcbung oder Verteidigung von Rechtsanspr\u00fcchen ben\u00f6tigen<\/li><li>Sie gem\u00e4\u00df Art. 21 DSGVO Widerspruch gegen die Verarbeitung Ihrer Daten eingelegt haben, es aber noch nicht feststeht, ob die berechtigten Gr\u00fcnde, die uns trotz Ihres Widerspruches zu einer weiteren Verarbeitung berechtigten, Ihre Rechte \u00fcberwiegen.<\/li><\/ul><\/li><li><strong>Recht auf Unterrichtung:<\/strong> Sofern Sie das Recht auf Berichtigung, L\u00f6schung oder Einschr\u00e4nkung der Verarbeitung gegen\u00fcber uns geltend gemacht haben, sind wir verpflichtet, allen Empf\u00e4ngern, denen gegen\u00fcber die Sie betreffenden personenbezogene Daten offengelegt wurden, die von Ihnen verlangte Berichtigung oder L\u00f6schung der Daten oder deren Einschr\u00e4nkung der Verarbeitung mitzuteilen, es sei denn, dies erweist sich als unm\u00f6glich oder ist mit einem unverh\u00e4ltnism\u00e4\u00dfigen Aufwand verbunden. Ihnen steht das Recht zu, von uns \u00fcber diese Empf\u00e4nger unterrichtet zu werden.<\/li><li><strong>Recht auf Daten\u00fcbertragbarkeit:<\/strong> Gem\u00e4\u00df Art. 20 DSGVO k\u00f6nnen Sie verlangen, dass wir die Sie betreffenden personenbezogenen Daten, die Sie uns bereitgestellt haben, in einem strukturierten, g\u00e4ngigen und maschinenlesebaren Format zu erhalten oder die \u00dcbermittlung an einen anderen Verantwortlichen zu verlangen.<\/li><li><strong>Beschwerderecht<\/strong>: Nach Art. 77 DSGVO haben Sie das Recht, sich bei einer Aufsichtsbeh\u00f6rde zu beschweren. Hierf\u00fcr k\u00f6nnen Sie sich an die Aufsichtsbeh\u00f6rde Ihres \u00fcblichen Aufenthaltsortes, Ihres Arbeitsplatzes oder unseres Firmensitzes wenden.<\/li><\/ul><h2>Widerrufsrecht<\/h2><p>Gem\u00e4\u00df Art. 7 Abs. 3 DSGVO steht Ihnen das Recht zu, Ihre erteilte Einwilligung in die Verarbeitung Ihrer Daten jederzeit uns gegen\u00fcber zu widerrufen. Der von Ihnen erkl\u00e4rte Widerruf \u00e4ndert nichts an der Rechtm\u00e4\u00dfigkeit der bis zum Widerruf erfolgten Verarbeitung Ihrer personenbezogenen Daten.<\/p><h2>Widerspruchsrecht<\/h2><p>Sie haben das Recht, aus Gr\u00fcnden, die sich aus Ihrer besonderen Situation ergeben, jederzeit gegen die Verarbeitung der Sie betreffenden personenbezogenen Daten, die aufgrund einer Interessenabw\u00e4gung (Art. 6 Abs. 1 lit. f DSGVO) erfolgt, Widerspruch einzulegen. Dies ist insbesondere dann der Fall, wenn die Datenverarbeitung nicht zur Erf\u00fcllung eines Vertrages erforderlich ist. Sofern Sie von Ihrem Widerspruchsrecht Gebrauch machen, bitten wir Sie um die Darlegung der Gr\u00fcnde. Wir werden Ihre personenbezogenen Daten dann nicht mehr verarbeiten, es sei denn, wir k\u00f6nnen Ihnen gegen\u00fcber nachweisen, dass zwingende schutzw\u00fcrdige Gr\u00fcnde an der Datenverarbeitung Ihre Interessen und Rechte \u00fcberwiegen.<strong>Unabh\u00e4ngig vom vorstehend Gesagten, haben Sie das jederzeitige Recht, der Verarbeitung Ihrer personenbezogenen Daten f\u00fcr Zwecke der Werbung und Datenanalyse zu widersprechen.<\/strong>Ihren Widerspruch richten Sie bitte an die oben angegebene Kontaktadresse des Verantwortlichen.<\/p><\/div><div class=\"ce_text privacy_item gettyimages block\"><h2>YouTube<\/h2><p>Wir nutzen auf dieser Webseite Komponenten von YouTube, einem Dienst der YouTube, LLC, 901 Cherry Ave., San Bruno, CA 94066, USA. Die YouTube, LLC ist einer Tochtergesellschaft der Google Inc., 1600 Amphitheatre Parkway, Mountain View, CA 94043-1351, USA.Die Verwendung von Youtube erm\u00f6glicht uns die Einbettung von verschiedenen Videos und Clips, die auf der Internetplattform <a class=\"externalLink\" href=\"https:\/\/www.youtube.de\">www.youtube.de<\/a> zur Verf\u00fcgung gestellt werden. Nachdem eine Seite bzw. Unterseite unserer Webseite aufgerufen wird auf der eine derartige Einbettung erfolgt ist, wird der von Ihnen verwendete Internetbrowser dazu veranlasst Videokomponenten des jeweils eingebetteten Videos oder Clips herunterzuladen. W\u00e4hrend Ihres Besuchs unserer Webseite und ihrer Unterseiten werden sowohl Youtube als auch Google dar\u00fcber informiert welche Seite bzw. Unterseite Sie aufgerufen haben, indem Ihre IP-Adresse an die externen Server von Google in den USA \u00fcbermittelt wird. Diese Informations\u00fcbermittlung erfolgt unabh\u00e4ngig davon, ob die angezeigten Videos oder Clips tats\u00e4chlich betrachtet oder angeklickt werden, oder Sie in Ihrem Youtube oder Google Account eingeloggt sind. Google ist Teilnehmer des Privacy-Shield Abkommens und zur Datenverarbeitung nach europ\u00e4ischen Standards zertifiziert. Diese Informationen werden gesammelt und Ihrem Google Account zugeordnet, sofern Sie bei Ihrem Besuch in diesem eingeloggt sind. <strong>Zweck: <\/strong>Die Verwendung der Youtube Komponenten auf unserer Webseite dienen dazu Ihnen Videos und Clips der Webseite www.youtube.de auf unserer Webseite zum Zwecke der Betrachtung und Interaktion zur Verf\u00fcgung zu stellen. <strong>Rechtsgrundlage:<\/strong> Wir setzen Youtube auf Grund unseres berechtigten Interesses am an der Optimierung und Gestaltung unseres Onlineangebotes ein, Art. 6 Abs. 1 lit. f DSGVO. <strong>Verhinderung:<\/strong> Sie k\u00f6nnen die Daten\u00fcbertragung jederzeit verhindern, indem Sie sich aus Ihrem Youtube\u00a0 Account ausloggen, oder unter folgendem Link https:\/\/adssettings.google.com\/authenticated nach Anmeldung in Ihrem Google Account durch Bet\u00e4tigung des Abmelde-Buttons ein Opt-out Cookie setzen.<strong>Informationen zum Drittanbieter:<\/strong>Sitz innerhalb der EU: Google Dublin, Google Ireland Ltd., Gordon House, Barrow Street, Dublin 4, Ireland, Fax: +353 (1) 436 1001.<\/p><ul><li>Datenschutzerkl\u00e4rung: <a class=\"externalLink\" href=\"https:\/\/www.google.de\/intl\/de\/policies\/privacy\">http:\/\/www.google.de\/intl\/de\/policies\/privacy<\/a><\/li><\/ul><\/div><div class=\"ce_text privacy_item gettyimages block\"><h2>Getty Images<\/h2><p>Wir nutzen auf dieser Webseite Elemente der Getty Images International, \u00a01st Floor, The Herbert Building, The Park, Carrickmines, Dublin 18, Irland.Getty Images stellt als Bildagentur Bilder und Bildmaterialien zur Verf\u00fcgung. Diese k\u00f6nnen von den verschiedenen Kunden durch die Erteilung einer Lizenz oder kostenlos auf Internetseiten eingesetzt werden. Durch den Besuch unserer Webseite wird Ihre IP-Adresse, L\u00e4nge und Zeitpunkt des Zugriffs, sowie Sprache und Typ des verwendeten Browsers an Getty Images \u00fcbermittelt. Auch k\u00f6nnen Informationen in Bezug auf welche Unterseiten der Internetseite Sie zugegriffen haben oder wie oft und f\u00fcr welche Verweildauer eine Unterseite betrachtet wurde und welche Interaktionen Sie vorgenommen haben, erfasst und entsprechend von Getty Images verarbeitet werden. Getty Images gibt diese \u00fcber das technische Verfahren erhobenen personenbezogenen Daten unter Umst\u00e4nden an Dritte weiter.\u00a0<strong>Zweck:<\/strong> Durch die Verwendung von Getty Images k\u00f6nnen fremde Inhalte, wie Text-, Video- oder Bild-Daten auf der eigenen Internetseite verf\u00fcgbar gemacht und eingebettet werden. Die Einbettung erfolgt durch einen Einbettungscode, einen HTML-Code. Dadurch werden die fremden Inhalte einer anderen Internetseite auf unserer eigenen Internetseite unmittelbar dargestellt und geladen. Unser vorbeschriebenes Interesse an der Einbettung des Bildmaterials stellt den Zweck der Nutzung von Getty Images dar. <strong>Rechtsgrundlage:<\/strong> Wir setzen Getty Images auf Grund unseres berechtigten Interesses am an der Optimierung und Gestaltung unseres Onlineangebotes ein, Art. 6 Abs. 1 lit. f DSGVO. <strong>Verhinderung:<\/strong> Der Verarbeitung personenbezogener Daten kann jederzeit gegen\u00fcber Getty Images widersprochen werden.<strong>Informationen zum Drittanbieter:<\/strong><\/p><ul><li>Datenschutzerkl\u00e4rung:\u00a0 <a class=\"externalLink\" href=\"http:\/\/www.gettyimages.de\/enterprise\/privacy-policy\">http:\/\/www.gettyimages.de\/enterprise\/privacy-policy<\/a><\/li><li>Getty Images: <a class=\"externalLink\" href=\"http:\/\/www.gettyimages.de\/enterprise\/privacy-policy\">http:\/\/www.gettyimages.de\/enterprise\/privacy-policy<\/a><\/li><\/ul><\/div><div class=\"ce_text privacy_item googlemaps block\"><h2>Google Maps<\/h2><p>Wir nutzen auf unserer Webseite Komponenten von\u00a0 &#8220;Google Maps&#8221;, einem Dienst der Google Inc., 1600 Amphitheatre Parkway, Mountain View, CA 94043, USA (nachfolgend bezeichnet als: &#8220;Google&#8221;).Durch Google Maps werden geographische Informationen visuell dargestellt. Hierbei wird durch Google die IP-Adresse des Besuchers erhoben und verarbeitet. Diese wird unabh\u00e4ngig davon, ob die Nutzung von Google Maps tats\u00e4chlich erfolgt, oder Sie in Ihrem Google Account eingeloggt sind, an Google \u00fcbermittelt. Ihre IP-Adresse wird Ihrem Google Account zugeordnet, sofern Sie bei dem Besuch unserer Webseite in diesen eingeloggt sind. Diese Daten werden an externe Server von Google in den USA \u00fcbertragen. Google ist Teilnehmer des Privacy-Shield Abkommens und zur Datenverarbeitung nach europ\u00e4ischen Standards zertifiziert. Google gibt diese \u00fcber das technische Verfahren erhobenen Daten unter Umst\u00e4nden an Dritte weiter. <strong>Zweck:<\/strong> Die Einbindung von Google Maps dient der vereinfachten Visualisierung und Navigation im Rahmen eines Besuchs unseres Standorts. Die Datenverarbeitung von Google erfolgt zum Zwecke der Werbung, Marktforschung, der Gestaltung der Webseite und Bereitstellung von bedarfsgerechter Werbung. <strong>Rechtsgrundlage:<\/strong> Wir setzen Google Maps auf Grund unseres berechtigten Interesses am an der Optimierung und Gestaltung unseres Onlineangebotes ein, Art. 6 Abs. 1 lit. f DSGVO. <strong>Verhinderung:<\/strong> Sie k\u00f6nnen die Zuordnung der Daten verhindern, indem Sie auf die Verwendung von Google Maps auf unserer Webseite verzichten und sich vor Ihrem Besuch aus Ihrem Google Account ausloggen. Zudem k\u00f6nnen Sie JavaScript in Ihrem Browser deaktivieren, um die Kartenanzeige zu verhindern. Weiter verweisen wir auf die Datenschutzbestimmungen von Google unter folgendem Link <a class=\"externalLink\" href=\"https:\/\/www.google.com\/intl\/de_de\/help\/terms_maps.html\">http:\/\/www.google.com\/intl\/de_de\/help\/terms_maps.html<\/a><strong>Informationen zum Drittanbieter:<\/strong>Sitz innerhalb der EU: Google Dublin, Google Ireland Ltd., Gordon House, Barrow Street, Dublin 4, Ireland, Fax: +353 (1) 436 1001.<\/p><ul><li>Nutzerbedingungen:\u00a0<a class=\"externalLink\" href=\"https:\/\/www.google.com\/analytics\/terms\/de.html\">http:\/\/www.google.com\/analytics\/terms\/de.html<\/a><\/li><li>\u00dcbersicht zum Datenschutz:\u00a0<a class=\"externalLink\" href=\"https:\/\/www.google.com\/intl\/de\/analytics\/learn\/privacy.html\">http:\/\/www.google.com\/intl\/de\/analytics\/learn\/privacy.html<\/a><\/li><li>Datenschutzerkl\u00e4rung:\u00a0<a class=\"externalLink\" href=\"https:\/\/www.google.de\/intl\/de\/policies\/privacy\">http:\/\/www.google.de\/intl\/de\/policies\/privacy<\/a><\/li><li>Datennutzung durch Google bei Ihrer Nutzung von Websites oder Apps unserer Partner:<a class=\"externalLink\" href=\"https:\/\/www.google.com\/intl\/de\/policies\/privacy\/partners\">https:\/\/www.google.com\/intl\/de\/policies\/privacy\/partners<\/a><\/li><li>Datennutzung zu Werbezwecken:\u00a0<a class=\"externalLink\" href=\"https:\/\/www.google.com\/policies\/technologies\/ads\">http:\/\/www.google.com\/policies\/technologies\/ads<\/a><\/li><li>Personalisierte Werbung durch Google:\u00a0<a class=\"externalLink\" href=\"https:\/\/www.google.de\/settings\/ads\">http:\/\/www.google.de\/settings\/ads<\/a><\/li><li>Google hat sich dem zwischen der Europ\u00e4ischen Union und den USA geschlossenen\u00a0<strong>Privacy-Shield-Abkommen<\/strong>\u00a0unterworfen und sich zertifiziert. Dadurch verpflichtet sich Google, die Standards und Vorschriften des europ\u00e4ischen Datenschutzrechts einzuhalten. N\u00e4here Informationen k\u00f6nnen Sie dem nachfolgend verlinkten Eintrag entnehmen:\u00a0<a class=\"externalLink\" href=\"https:\/\/www.privacyshield.gov\/participant?id=a2zt000000001L5AAI&amp;status=Active\">https:\/\/www.privacyshield.gov\/participant?id=a2zt000000001L5AAI&amp;status=Active<\/a>.\u00a0<\/li><\/ul><\/div><div class=\"ce_text privacy_item recaptcha block\"><h2>Google (Invisible) reCAPTCHA<\/h2><p>Wir nutzen auf unserem Internetauftritt &#8220;Google (Invisible) reCAPTCHA &#8220;, einen Dienst der Google Inc., 1600 Amphitheatre Parkway, Mountain View, CA 94043, USA.Der Dienst erm\u00f6glicht es uns zu pr\u00fcfen, ob bestimmte Handlungen oder Eingaben von einem Menschen oder aber missbr\u00e4uchlich von einem Bot, also von in einem automatisierten Verfahren durch einen Computer vorgenommen wird. Hierzu verarbeitet Google (Invisible) reCAPTCHA Informationen \u00fcber Ihr Nutzerverhalten auf unserer Webseite. Zudem wird Ihre IP-Adresse an einen Server von Google \u00fcbertragen. Google (Invisible) reCAPTCHA setzt dabei unter anderem Cookies\u00a0(siehe zum Begriff oben unter der \u00dcberschrift Cookies) ein, die im Zwischenspeicher Ihres Browsers gespeichert werden und die eine Analyse der Benutzung unseres Internetauftritts durch Sie erm\u00f6glichen. N\u00e4here Informationen zur Art und Weise der Datenerhebung und -Verarbeitung finden Sie in den Datenschutzhinweisen von Google, die Sie hier abrufen k\u00f6nnen: <a class=\"externalLink\" href=\"https:\/\/www.google.de\/intl\/de\/policies\/privacy\">http:\/\/www.google.de\/intl\/de\/policies\/privacy<\/a>. <strong>Zweck:<\/strong> In den vorbenannten Interessen liegt der Zweck unserer Nutzung des Dienstes. <strong>Rechtsgrundlage:<\/strong> Wir setzen Google (Invisible) reCAPTCHA auf Grund unseres berechtigten Interesses an der sicheren und effizieten Bereitstellung sowie der Optimierung unseres Onlineangebotes ein, Art. 6 Abs. 1 lit. f DSGVO. <strong>Verhinderung:<\/strong> Zum Einsatz und dem Unterbinden von Cookies verweisen wir auf die weiter oben unter \u00dcberschrift \u201eCookies\u201c gegebenen Hinweise. Sofern Sie beim Aufruf unserer Seite nicht \u00fcber Ihren Google Account angemeldet sind, wird die \u00fcber den Dienst an Google \u00fcbermittelte IP-Adresse nicht mit anderen Daten von Google zusammengef\u00fchrt. Sie m\u00fcssen sich also bei Google ausloggen und zwar bevor Sie unsere Seite besuchen, wenn Sie die Zusammenf\u00fchrung Ihrer IP-Adresse mit anderen Daten verhindern wollen. Google hat sich dem zwischen der Europ\u00e4ischen Union und den USA geschlossenen Privacy-Shield-Abkommen unterworfen und sich zertifiziert. Dadurch verpflichtet sich Google, die Standards und Vorschriften des europ\u00e4ischen Datenschutzrechts einzuhalten. N\u00e4here Informationen k\u00f6nnen Sie dem nachfolgend verlinkten Eintrag entnehmen: <a class=\"externalLink\" href=\"https:\/\/www.privacyshield.gov\/participant?id=a2zt000000001L5AAI&amp;status=Active\">https:\/\/www.privacyshield.gov\/participant?id=a2zt000000001L5AAI&amp;status=Active<\/a><strong>Informationen zum Drittanbieter: <\/strong>Sitz innerhalb der EU: Google Dublin, Google Ireland Ltd., Gordon House, Barrow Street, Dublin 4, Ireland, Fax: +353 (1) 436 1001.<\/p><ul><li>Datenschutzerkl\u00e4rung\u00a0 <a class=\"externalLink\" href=\"https:\/\/www.google.com\/intl\/de\/policies\/\">https:\/\/www.google.com\/intl\/de\/policies\/<\/a><\/li><\/ul><\/div><div class=\"ce_text privacy_item google_webfonts block\"><h2>Google Web Fonts<\/h2><p>Wir nutzen auf unserem Internetauftritt &#8220;Google Web Fonts&#8221;, einen Dienst der Google Inc., 1600 Amphitheatre Parkway, Mountain View, CA 94043, USADer Dienst erm\u00f6glicht es uns,\u00a0die Darstellung externer Schriftarten (Web Fonts) in das Design unserer Webseite einzubinden und diese bei der Darstellung der Webseite korrekt auszugeben. Dadurch stehen uns bestimmte gestalterische M\u00f6glichkeit offen, mit denen wir das Design unserer Webseite nutzerfreundlicher machen wollen. Die Einbindung dieser Web Fonts erfolgt durch einen Serveraufruf. Von diesem Server werden die Schriftarten komprimiert an Ihren Browser ausgeliefert und dort entpackt. Regelm\u00e4\u00dfig befindet sich dieser Server in den USA. Besuchen Sie eine unserer Seiten\u00a0auf\u00a0denen wir Google Fonts einbinden, wird an Google \u00fcbermittelt, welche unserer Internetseiten Sie besucht haben. Zudem wird die IP-Adresse des Browsers des Endger\u00e4tes des Besuchers von Google gespeichert. <strong>Zweck:<\/strong> Die vorbenannten Interessen stellen den Zweck der Nutzung von Google Web Fonts dar. <strong>Rechtsgrundlage:<\/strong> Wir setzen Google Web Fonts auf Grund unseres berechtigten Interesses am an der Optimierung und Gestaltung unseres Onlineangebotes ein, Art. 6 Abs. 1 lit. f DSGVO<strong>.<\/strong><strong>Informationen zum Drittanbieter:<\/strong>Sitz innerhalb der EU: Google Dublin, Google Ireland Ltd., Gordon House, Barrow Street, Dublin 4, Ireland, Fax: +353 (1) 436 1001.<\/p><ul><li>Nutzerbedingungen:\u00a0<a class=\"externalLink\" href=\"https:\/\/www.google.com\/analytics\/terms\/de.html\">http:\/\/www.google.com\/analytics\/terms\/de.html<\/a><\/li><li>\u00dcbersicht zum Datenschutz:\u00a0<a class=\"externalLink\" href=\"https:\/\/www.google.com\/intl\/de\/analytics\/learn\/privacy.html\">http:\/\/www.google.com\/intl\/de\/analytics\/learn\/privacy.html<\/a><\/li><li>Datenschutzerkl\u00e4rung:\u00a0<a class=\"externalLink\" href=\"https:\/\/www.google.de\/intl\/de\/policies\/privacy\">http:\/\/www.google.de\/intl\/de\/policies\/privacy<\/a><\/li><li>Datennutzung durch Google bei Ihrer Nutzung von Websites oder Apps unserer Partner:<a class=\"externalLink\" href=\"https:\/\/www.google.com\/intl\/de\/policies\/privacy\/partners\">https:\/\/www.google.com\/intl\/de\/policies\/privacy\/partners<\/a><\/li><li>Datennutzung zu Werbezwecken:\u00a0<a class=\"externalLink\" href=\"https:\/\/www.google.com\/policies\/technologies\/ads\">http:\/\/www.google.com\/policies\/technologies\/ads<\/a><\/li><li>Personalisierte Werbung durch Google:\u00a0<a class=\"externalLink\" href=\"https:\/\/www.google.de\/settings\/ads\">http:\/\/www.google.de\/settings\/ads<\/a><\/li><li>Google hat sich dem zwischen der Europ\u00e4ischen Union und den USA geschlossenen\u00a0<strong>Privacy-Shield-Abkommen<\/strong>\u00a0unterworfen und sich zertifiziert. Dadurch verpflichtet sich Google, die Standards und Vorschriften des europ\u00e4ischen Datenschutzrechts einzuhalten. N\u00e4here Informationen k\u00f6nnen Sie dem nachfolgend verlinkten Eintrag entnehmen:\u00a0<a class=\"externalLink\" href=\"https:\/\/www.privacyshield.gov\/participant?id=a2zt000000001L5AAI&amp;status=Active\">https:\/\/www.privacyshield.gov\/participant?id=a2zt000000001L5AAI&amp;status=Active<\/a>.\u00a0<\/li><\/ul><\/div><div class=\"ce_text block\"><h2>fonts.com<\/h2><p>Zur einheitlichen Darstellung von Schriftarten auf unserem Internetauftritt nutzen wir fonts.com einen Online-Schriftarten-Dienst der Monotype GmbH, Werner-Reimers-Stra\u00dfe 2-4, 61352 Bad Homburg.Durch die Nutzung dieses Dienstes stehen uns bestimmte gestalterische M\u00f6glichkeit offen, mit denen wir das Design unserer Webseite nutzerfreundlicher machen wollen. Die Einbindung dieser Online-Schriftarten erfolgt durch einen Serveraufruf bei fonts.com. Von diesem Server werden die Schriftarten komprimiert an Ihren Browser ausgeliefert und dort entpackt. Besuchen Sie eine unserer Seiten auf denen wir die Online-Schriftarten von fonts.com einbinden, wird an fonts.com \u00fcbermittelt, welche unserer Internetseiten Sie besucht haben. Zudem wird Ihre IP-Adresse an die Server von fonts.com \u00fcbermittelt.<strong> Zweck:<\/strong> Die vorbenannten Interessen stellen den Zweck der Nutzung von Google Web Fonts dar. <strong>Rechtsgrundlage:<\/strong> Wir setzen fonts.com auf Grund unseres berechtigten Interesses am an der Optimierung und Gestaltung unseres Onlineangebotes ein, Art. 6 Abs. 1 lit. f DSGVO. Weitere Informationen zu den von uns \u00fcber fonts.com genutzten Online-Schriftarten finden Sie unter <a class=\"externalLink\" href=\"https:\/\/www.fonts.com\/info\/legal\">https:\/\/www.fonts.com\/info\/legal <\/a>und in der Datenschutzerkl\u00e4rung von Fonts.com: <a class=\"externalLink\" href=\"https:\/\/www.fonts.com\/info\/legal\/privacy\">https:\/\/www.fonts.com\/info\/legal\/privacy\/<\/a> und in der Datenschutzerkl\u00e4rung von Monotype GmbH: <a class=\"externalLink\" href=\"https:\/\/www.unternehmen.online\/\u201chttps:\/www.monotype.com\/legal\/privacy-policy\u201c\">https:\/\/www.monotype.com\/legal\/privacy-policy\/<\/a><\/p><\/div><div class=\"ce_text block\"><h2>Vimeo<\/h2><p>Wir nutzen auf dieser Webseite Komponenten von Vimeo, einen Dienst der Vimeo LLC, 555 West 18th Street, New York 10011, USA.Vimeo ist ein Videoportal, auf dem sich Nutzer kostenfrei Videos ansehen k\u00f6nnen. Vimeo bietet Webseitenbetreibern die M\u00f6glichkeit an, Videos auf der eigenen Webseite einzubinden. Dazu stellt Vimeo einen Codeausschnitt zur Verf\u00fcgung, der das Video in einem sogenannten Inlineframe darstellt. Nachdem eine Seite bzw. Unterseite unserer Webseite aufgerufen wird auf der eine derartige Einbettung erfolgt ist, wird der von Ihnen verwendete Internetbrowser dazu veranlasst Videokomponenten des jeweils eingebetteten Videos oder Clips herunterzuladen. Dieser Vorgang setzt voraus, dass Vimeo die Ihnen zugeordnete IP-Adresse ausliest; anderenfalls k\u00f6nnte Vimeo das Video nicht an Ihren Browser \u00fcbermitteln. Vimeo kann erkennen, dass Sie eine unserer Seiten, auf denen wir ein Vimeo-Video eingebunden haben, besucht haben, wenn Sie bei Vimeo eingeloggt sind. Diese Information wird auch dann an Vimeo \u00fcbermittelt, wenn Sie das Vimeo-Video nicht anklicken. Vimeo sammelt diese Information und ordnet Sie Ihrem Vimeo-Account zu. <strong>Zweck: <\/strong>Die Verwendung der Vimeo Komponenten auf unserer Webseite dienen dazu, Ihnen Videos und Clips der Webseite von Vimeo auf unserer Webseite zum Zwecke der Betrachtung und Interaktion zur Verf\u00fcgung zu stellen.<strong> Rechtsgrundlage:\u00a0<\/strong><strong>Wir setzen Vimeo auf Grund unseres berechtigten Interesses am an der Optimierung und Gestaltung unseres Onlineangebotes ein, Art. 6 Abs. 1 lit. f DSGVO. Verhinderung:<\/strong> Sie k\u00f6nnen diese Daten\u00fcbertragung jederzeit verhindern, indem Sie sich aus Ihrem Vimeo Account ausloggen.Informationen zum Drittanbieter:<\/p><ul><li>Datenschutzerkl\u00e4rung: <a class=\"externalLink\" href=\"https:\/\/vimeo.com\/privacy\">https:\/\/vimeo.com\/privacy<\/a><\/li><\/ul><\/div><div class=\"ce_text block\"><h2>Soundcloud<\/h2><p>Wir nutzen auf dieser Webseite Soundcloud, einen Dienst der SoundCloud Limited, Rheinsberger Str. 76\/77, 10115 Berlin, Deutschland.Soundcloud ist ein Online-Musikdienst auf dem wir unsere Podcasts speichern und von dort wiedergeben. Hierbei werden die Podcasts auf Server von Soundcloud geladen und anschlie\u00dfend mit Hilfe eines sog. \u201eWidgets\u201c, also einem Steuerelement, auf unserer Webseite eingebettet und angeboten. Sobald ein Podcast aufgerufen wird, erh\u00e4lt Soundcloud Informationen dar\u00fcber um welchen Podcast es sich handelt und wie lange dieser angeh\u00f6rt wurde. Hierf\u00fcr setzt Soundcloud einen Cookie (siehe zum Begriff oben unter der \u00dcberschrift Cookies). Durch den Cookie werden pseudonymisierte Nutzungsprofile erstellt, die von uns f\u00fcr die Analyse des Nutzerverhaltens und die Optimierung unserer Internetseite verwendet werden. Soundcloud sammelt die H\u00f6rinformationen und ordnet Sie Ihrem Soundcloud-Account zu, wenn Sie w\u00e4hrend des Besuchs unserer Webseite in diesem eingeloggt sind. <strong>Zweck:<\/strong> Die Datenverarbeitung erfolgt um den Podcast bereitstellen zu k\u00f6nnen, sowie zur Analyse und Optimierung unseres Angebots.\u00a0<strong>Rechtsgrundlage<\/strong>: Wir setzen Soundcloud auf Grund unseres berechtigten Interesses am an einer effizienten und sicheren Bereitstellung, Optimierung und Analyse unseres Onlineangebotes ein, Art. 6 Abs. 1 lit. f DSGVO.<strong>Verhinderung: <\/strong>Sie k\u00f6nnen die Speicherung der Cookies verhindern, indem Sie das Setzen der Cookies durch die Einstellungen in Ihrem Browser verhindern. Das k\u00f6nnte allerdings zur Folge haben, dass unsere Webseite nur noch eingeschr\u00e4nkt nutzbar ist. Au\u00dferdem k\u00f6nnen Sie die \u00dcbertragung Ihrer H\u00f6rinformationen an Soundcloud verhindern, indem Sie sich aus Ihrem Soundcloud-Account ausloggen.Informationen zum Drittanbieter:<\/p><ul><li>Datenschutzerkl\u00e4rung <a class=\"externalLink\" href=\"https:\/\/soundcloud.com\/pages\/privacy\">https:\/\/soundcloud.com\/pages\/privacy<\/a><\/li><\/ul><\/div><div class=\"ce_text block\"><h2>Unsere Onlinepr\u00e4senzen bei sozialen Netzwerken<\/h2><p>Wir betreiben Onlinepr\u00e4senzen innerhalb der nachfolgend aufgelisteten sozialen Netzwerke. Besuche\u00a0Sie eine dieser Pr\u00e4senzen, werden durch den jeweiligen Anbieter Ihre Nutzungsdaten erhoben und verarbeitet. Dies erfolgt im Regelfall durch Cookies, die auf dem von Ihnen genutzten Endger\u00e4t gespeichert werden. Zum Begriff des Cookies siehe oben unter der entsprechenden \u00dcberschrift. Mit den Cookies werden Ihr Nutzungsverhalten und Ihre Interessen gespeichert und entsprechende Nutzungsprofile angelegt. In den Nutzungsprofilen k\u00f6nnen zudem Daten unabh\u00e4ngig des von Ihnen verwendeten Ger\u00e4tes gespeichert werden. Dies ist insbesondere dann der Fall, wenn Sie Mitglied der jeweiligen Plattform und bei dieser eingeloggt sind.Die erhobenen Daten werden von dem Anbieter in der Regel zum Zwecke der Werbung und Marktforschung verwendet, indem aus Ihrem Nutzungsverhalten Nutzungsprofile erstellt werden. Diese wiederum k\u00f6nnen von den Anbietern dazu verwendet werden, um Ihnen interessenbezogene Werbung auszuspielen. Gegen die Erstellung von Nutzerprofilen steht Ihnen ein Widerrufsrecht zu. Um dieses auszu\u00fcben, m\u00fcssen Sie sich an den jeweiligen Anbieter wenden. Wenn Sie einen Account beim Anbieter besitzen, k\u00f6nnen Ihre Nutzungsdaten damit verkn\u00fcpft werden. Um eine solche Verkn\u00fcpfung Ihrer Daten zu verhindern, k\u00f6nnen Sie sich vor dem Besuch unserer Seite bei dem Dienst des Anbieters ausloggen.Zu welchem Zweck und in welchem Umfang Daten von dem Anbieter erhoben werden, k\u00f6nnen Sie den jeweiligen, im Folgenden mitgeteilten, Datenschutzerkl\u00e4rungen der Anbieter entnehmen. Wir selbst haben keinen Einfluss darauf, welche Daten\u00a0 erfasst und wie diese Daten durch den Anbieter verwendet werden.\u00a0Sofern Sie hier im Einzelnen Auskunft verlangen oder von Ihren Betroffenenrechten Gebrauch machen wollen, k\u00f6nnen Sie dies am wirksamsten bei dem jeweiligen Anbietern selbst tun, da ausschlie\u00dflich die jeweiligen Anbieter Zugriff auf Ihre Daten haben.Wir m\u00f6chten Sie darauf hinweisen, dass Ihre Nutzerdaten au\u00dferhalb des Raumes der Europ\u00e4ischen Union \u00fcbertragen und verarbeitet werden k\u00f6nnen. Es besteht in diesem Fall das Risiko, dass die Durchsetzung Ihrer Betroffenenrechte erschwert werden kann. Diejenigen US-Anbieter, die unter dem Privacy-Shield zertifiziert sind, haben sich verpflichtet, die Datenschutzstandards der EU einzuhalten. Die Information, ob der jeweilige Anbieter \u00fcber ein solches Zertifikat verf\u00fcgt, finden Sie bei den Informationen zu den nachfolgend aufgelisteten Anbietern.<strong>Rechtsgrundlage:<\/strong> Sofern Sie von einem der nachgenannten\u00a0Anbieter um eine Einwilligung in die Datenverarbeitung gebeten worden sind, ist die Rechtsgrundlage der Verarbeitung Art. 6 Abs. 1 lit. a DSGVO.\u00a0Im \u00dcbrigen erfolgt die\u00a0Verarbeitung Ihrer Daten auf Grundlage unserer berechtigten Interessen mit Ihnen in Kontakt zu treten und Ihnen zu kommunizieren, Art. 6 Abs. 1 lit. f. DSGVO.\u00a0<strong>Verhinderung:<\/strong>\u00a0Zu den jeweiligen Widerspruchsm\u00f6glichkeiten (Opt-Out) verweisen wir auf die nachfolgend verlinkten Angaben der Anbieter.<\/p><h3>Wir unterhalten Onlinepr\u00e4senzen auf folgenden sozialen Netzwerken:<\/h3><\/div><div class=\"ce_text privacy_item sp_twitter block\"><h4>Twitter<\/h4><p>Twitter ist ein Dienst der Twitter Inc., 795 Folsom St., Suite 600, San Francisco, CA 94107 &#8211; USASitz in der EU: Twitter Inc., 26 Fernian St, Dublin &#8211; Irland<\/p><ul><li>Datenschutzerkl\u00e4rung abrufbar unter: <a class=\"externalLink\" href=\"https:\/\/twitter.com\/de\/privacy\" target=\"_blank\" rel=\"noopener\">https:\/\/twitter.com\/de\/privacy<\/a><\/li><li>Opt-Out:\u00a0<a class=\"externalLink\" href=\"https:\/\/twitter.com\/personalization\" target=\"_blank\" rel=\"noopener\">https:\/\/twitter.com\/personalization<\/a><\/li><li>Privacy Shield:\u00a0<a class=\"externalLink\" href=\"https:\/\/www.privacyshield.gov\/participant?id=a2zt0000000TORzAAO&amp;status=Active\" target=\"_blank\" rel=\"noopener\">https:\/\/www.privacyshield.gov\/participant?id=a2zt0000000TORzAAO&amp;status=Active<\/a>.<\/li><\/ul><\/div><div class=\"ce_text privacy_item sp_googleplus block\"><h4>Google Plus<\/h4><p>Google Plus ist ein Dienst der Google Inc., 1600 Amphitheatre Parkway, Mountain View, CA 94043 &#8211; USASitz in der EU: Google Dublin, Google Ireland Ltd., Gordon House, Barrow Street, Dublin 4, Ireland, Fax: +353 (1) 436 1001<\/p><ul><li>Datenschutzerkl\u00e4rung abrufbar unter: <a class=\"externalLink\" href=\"https:\/\/policies.google.com\/privacy?hl=de\" target=\"_blank\" rel=\"noopener\">https:\/\/policies.google.com\/privacy?hl=de<\/a><\/li><li>Opt-Out:\u00a0<a class=\"externalLink\" href=\"https:\/\/adssettings.google.com\/authenticated\" target=\"_blank\" rel=\"noopener\">https:\/\/adssettings.google.com\/authenticated<\/a><\/li><li>Privacy Shield:\u00a0<a class=\"externalLink\" href=\"https:\/\/www.privacyshield.gov\/participant?id=a2zt000000001L5AAI&amp;status=Active\" target=\"_blank\" rel=\"noopener\">https:\/\/www.privacyshield.gov\/participant?id=a2zt000000001L5AAI&amp;status=Active<\/a><\/li><\/ul><\/div><div class=\"ce_text privacy_item sp_instagram block\"><h4>Instagram<\/h4><p>Instagram ist ein Dienst der Instagram LLC, 1601 Willow Rd, Menlo Park CA 94025 &#8211; USA<\/p><ul><li>Datenschutzerkl\u00e4rung abrufbar unter: <a class=\"externalLink\" href=\"https:\/\/help.instagram.com\/155833707900388\" target=\"_blank\" rel=\"noopener\">https:\/\/help.instagram.com\/155833707900388<\/a><\/li><li>Opt-Out:\u00a0<a class=\"externalLink\" href=\"https:\/\/instagram.com\/about\/legal\/privacy\/\" target=\"_blank\" rel=\"noopener\">http:\/\/instagram.com\/about\/legal\/privacy<\/a><\/li><\/ul><\/div><div class=\"ce_text privacy_item sp_whatsapp block\"><h4>Whatsapp<\/h4><p>Whatsapp ist ein Dienst der Whatsapp Ireland Ltd., 4 Grand Canal Square, Grand Canal Harbour, Dublin 2 &#8211; Irland<\/p><ul><li>Datenschutzerkl\u00e4rung abrufbar unter: <a class=\"externalLink\" href=\"https:\/\/www.whatsapp.com\/legal?eea=1&amp;lang=de\" target=\"_blank\" rel=\"noopener\">https:\/\/www.whatsapp.com\/legal?eea=1&amp;lang=de<\/a><\/li><\/ul><\/div><div class=\"ce_text privacy_item sp_pinterest block\"><h4>Pinterest<\/h4><p>Pinterest ist ein Dienst der Pinterest Europe Ltd., Palmerston House, 2nd Floor, Fenian Street, Dublin 2 &#8211; Ireland<\/p><ul><li>Datenschutzerkl\u00e4rung sowie Opt-Out-M\u00f6glichkeit abrufbar unter: <a class=\"externalLink\" href=\"https:\/\/policy.pinterest.com\/de\/privacy-policy\" target=\"_blank\" rel=\"noopener\">https:\/\/policy.pinterest.com\/de\/privacy-policy<\/a><\/li><\/ul><\/div><div class=\"ce_text privacy_item sp_xing block\"><h4>XING<\/h4><p>XING ist ein Diesnt der XING AG, G\u00e4nsemarkt 43, 20354 Hamburg &#8211; Deutschland<\/p><ul><li>Datenschutzerkl\u00e4rung sowie Opt-Out-M\u00f6glichkeit abrufbar unter: <a class=\"externalLink\" href=\"https:\/\/privacy.xing.com\/de\/datenschutzerklaerung\" target=\"_blank\" rel=\"noopener\">https:\/\/privacy.xing.com\/de\/datenschutzerklaerung<\/a><\/li><\/ul><\/div><div class=\"ce_text privacy_item sp_linkedin block\"><h4>LinkedIn<\/h4><p>LinkedIn ist ein Dienst der LinkedIn Corporation, 2029 Stierlin Court, Mountain View, CA 94043 &#8211; USASitz in der EU: LinkedIn, <span class=\"LrzXr\">Hofstatt 4th Floor, Sendlinger Str. 12, 80331 M\u00fcnchen<\/span> &#8211; Germany<\/p><ul><li>Datenschutzerkl\u00e4rung abrufbar unter: <a class=\"externalLink\" href=\"https:\/\/www.linkedin.com\/legal\/privacy-policy?trk=uno-reg-guest-home-privacy-policy\" target=\"_blank\" rel=\"noopener\">https:\/\/www.linkedin.com\/legal\/privacy-policy?trk=uno-reg-guest-home-privacy-policy<\/a><\/li><li>Opt-Out:\u00a0<a class=\"externalLink\" href=\"https:\/\/www.linkedin.com\/psettings\/guest-controls\/retargeting-opt-out\" target=\"_blank\" rel=\"noopener\">https:\/\/www.linkedin.com\/psettings\/guest-controls\/retargeting-opt-out<\/a><\/li><li>Privacy Shield:\u00a0<a class=\"externalLink\" href=\"https:\/\/www.privacyshield.gov\/participant?id=a2zt0000000L0UZAA0&amp;status=Active\" target=\"_blank\" rel=\"noopener\">https:\/\/www.privacyshield.gov\/participant?id=a2zt0000000L0UZAA0&amp;status=Active<\/a><\/li><\/ul><\/div><div class=\"ce_text privacy_item sp_reddit block\"><h4>Reddit<\/h4><p>Reddit ist ein Dienst der Reddit Inc., 520 3rd Street, San Francisco, CA 94107 &#8211; USA<\/p><ul><li>Datenschutzerkl\u00e4rung abrufbar unter: <a class=\"externalLink\" href=\"https:\/\/www.redditinc.com\/policies\/privacy-policy\" target=\"_blank\" rel=\"noopener\">https:\/\/www.redditinc.com\/policies\/privacy-policy<\/a><\/li><\/ul><\/div><div class=\"ce_text privacy_item sp_flattr block\"><h4>Flattr<\/h4><p>Wir nutzen auf unserer Webseite den Dienst \u201eFlattr\u201c, welcher durch Flattr AB, Box 4111, 203 12 Malm\u00f6, Schweden bereitgestellt wird.Flattr ist ein Social-Payment-Dienst, der es Ihnen erm\u00f6glicht Zahlungen auf ein Guthabenkonto vorzunehmen und diese in Form von Spenden an Medienanbieter zu \u00fcberweisen. Sobald Sie unsere Hauptseite oder eine ihrer Unterseiten aufrufen auf der wir die Flattr-Komponente integriert haben, wird Ihr Browser automatisch angewiesen eine entsprechende Darstellung der Komponente herunterzuladen, um Ihnen diese anzeigen zu k\u00f6nnen. Flattr erh\u00e4lt hierdurch Kenntnis dar\u00fcber welche Seiten bzw. Unterseiten unserer Webseite Sie besucht haben oder besuchen. Sollten Sie bei Ihrem Besuch unserer Webseite zeitgleich mit Ihrem Account bei Flattr eingeloggt sein, werden diese Informationen Ihrem Account zugeordnet. Sollten Sie einen Account besitzen und die Flattr-Komponente bet\u00e4tigen, werden die Informationen zu Abrechnungszwecken an Flattr \u00fcbermittelt und dort gespeichert. <strong>Zweck:<\/strong> Die Nutzung des Dienstes erfolgt, um es Besuchern unserer Webseite zu erm\u00f6glichen dort bereitgestellte Inhalte durch Spenden zu unterst\u00fctzen. <strong>Rechtsgrundlage<\/strong>: Die Rechtsgrundlage f\u00fcr die vorbeschriebene Nutzung der Daten ist Art. 6 Abs. 1 lit. f DSGVO. <strong>Verhinderung: <\/strong>Die \u00dcbertragung der Daten k\u00f6nnen Sie verhindern, indem Sie sich aus Ihrem Flattr-Account ausloggen, die Schaltfl\u00e4che nicht nutzen oder unsere Webseite verlassen.<\/p><ul><li>Datenschutzerkl\u00e4rung abrufbar unter: <a class=\"externalLink\" title=\"flattr privacy\" href=\"https:\/\/flattr.com\/privacy\" target=\"_blank\" rel=\"noopener\">https:\/\/flattr.com\/privacy<\/a><\/li><li>Opt-Out: <a class=\"externalLink\" href=\"https:\/\/flattr.com\/privacy\/tracking-opt-out\" target=\"_blank\" rel=\"noopener\">https:\/\/flattr.com\/privacy\/tracking-opt-out<\/a><\/li><\/ul><\/div><div class=\"ce_text privacy_item sp_facebook block\"><h4>Facebook<\/h4><p>Facebook ist ein Dienst der Facebook Inc., 1601 S. California Ave, Palo Alto, CA 94304 \u2013 USA.Sitz in der EU: Facebook Ireland Ltd., 4 Grand Canal Square, Grand Canal Harbour, Dublin 2 \u2013 Irland<\/p><ul><li>Datenschutzerkl\u00e4rung abrufbar unter:\u00a0<a class=\"externalLink\" href=\"https:\/\/www.facebook.com\/about\/privacy\/\" target=\"_blank\" rel=\"noopener\">https:\/\/www.facebook.com\/about\/privacy\/<\/a><\/li><li>Opt-Out:\u00a0<a class=\"externalLink\" href=\"https:\/\/www.facebook.com\/settings?tab=ads\" target=\"_blank\" rel=\"noopener\">https:\/\/www.facebook.com\/settings?tab=ads<\/a>\u00a0und\u00a0<a class=\"externalLink\" href=\"http:\/\/www.youronlinechoices.com\/\" target=\"_blank\" rel=\"noopener\">http:\/\/www.youronlinechoices.com<\/a><\/li><li>Privacy Shield:\u00a0<a class=\"externalLink\" href=\"https:\/\/www.privacyshield.gov\/participant?id=a2zt0000000GnywAAC&amp;status=Active\" target=\"_blank\" rel=\"noopener\">https:\/\/www.privacyshield.gov\/participant?id=a2zt0000000GnywAAC&amp;status=Active<\/a><\/li><\/ul><\/div><div class=\"ce_text block\"><h2>eKomi<\/h2><p>Wir nutzen auf unserer Webseite das eKomi-Widget der eKomi, Ltd., Markgrafenstra\u00dfe 11, 10969 Berlin, Deutschland, im Folgenden: eKomi.Um Ihnen einen ersten Eindruck \u00fcber die Qualit\u00e4t unserer Angebote und Dienstleistungen zu geben, lassen\u00a0wir \u00fcber das auf unserer Internetseite eingebundene Widget von eKomi eine Auswahl von Bewertungen unserer Kunden und die aus allen\u00a0Bewertungen gebildete Gesamtnote anzeigen. Wenn Sie auf das eKomi-Widget klicken, werden Sie zu dem Internetangebot von eKomi weitergeleitet. Dort k\u00f6nnen Sie alle Bewertungen zu unserem Angebot abrufen. Zudem haben Sie dort die M\u00f6glichkeit, uns zu bewerten. Die Einbindung des eKomi-Widgets erfolgt mittels Javascript auf unserer Homepage \u00fcber eine API-Programmierschnittstelle. Durch die Einbindung des Widgets erhebt eKomi m\u00f6glicherweise Ihre IP-Adresse, Datum und Uhrzeit des Abrufs, \u00fcbertragene Datenmenge den anfragenden Provider (Zugriffsdaten) und verarbeitet diese. Welche Daten genau \u00fcbertragen werden, ist uns im Detail nicht bekannt. Eine Auswertung dieser Daten erfolgt nicht. Zudem setzt das eKomi-Widget Cookies (siehe zum Begriff oben unter der \u00dcberschrift Cookies).\u00a0<strong>Rechtsgrundlage:<\/strong> Wir setzen eKomi auf Grund unseres berechtigten Interesses an der Optimierung und des wirtschaftlichen Betriebes unseres Onlineangebotes ein und um die Qualit\u00e4t unserer Dienstleistung f\u00fcr Sie transparent zu machen, Art. 6 Abs. 1 lit. f DSGVO.\u00a0<strong>L\u00f6schung:<\/strong> Die Daten werden von uns dabei nur solange gespeichert, wie dies f\u00fcr die Aufrechterhaltung der Einbindung der Bewertung erforderlich ist.\u00a0Das Setzen von Cookies k\u00f6nnen Sie durch entsprechende Einstellungen in Ihrem Browser unterbinden. Im Weiteren haben Sie die M\u00f6glichkeit eine Datenerhebung durch eKomi zu verhindern, indem Sie einen Javascript-Blocker auf Ihrem System installieren oder Javascript in Ihrem Browser deaktivieren. Dies kann jedoch dazu f\u00fchren, dass Sie unsere Webseite nicht bzw. nicht in vollem Umfang nutzen k\u00f6nnen.\u00a0<strong>Informationen zum Drittanbieter: <\/strong><\/p><ul><li>Datenschutzerkl\u00e4rung: <a class=\"externalLink\" href=\"http:\/\/www.ekomi.de\/de\/datenschutz\">http:\/\/www.ekomi.de\/de\/datenschutz<\/a><\/li><\/ul><\/div><div class=\"ce_text block\"><h2>Ausgezeichnet<\/h2><p>Wir nutzen auf unserer Webseite das Bewertungssiegel-Widget \u201eAusgezeichnet.org\u201c der AUBII GmbH, Alsterufer 34, 20354 Hamburg, Deutschland, im Folgenden Ausgezeichnet.org.Um Ihnen einen ersten Eindruck \u00fcber die Qualit\u00e4t unserer Angebote und Dienstleistungen zu geben, lassen\u00a0wir \u00fcber das auf unserer Internetseite eingebundene Widget von Ausgezeichnet.org\u00a0eine Auswahl von Bewertungen unserer Kunden und die aus allen\u00a0Bewertungen gebildete Gesamtnote anzeigen.Wenn Sie auf das Widget klicken, werden Sie zu dem Internetangebot von Ausgezeichnet.org\u00a0weitergeleitet. Dort k\u00f6nnen Sie alle Bewertungen zu unserem Angebot abrufen. Die Einbindung des Bewertungssiegel-Widgets erfolgt mittels Javascript auf unserer Homepage \u00fcber eine Programmierschnittstelle \u201eAPI\u201c (Application Programming Interface). Durch Anklicken des Widgets werden auf dem von Ihnen genutzten Endger\u00e4t Cookies gesetzt (siehe zum Begriff oben unter der \u00dcberschrift Cookies), mit denen folgende Daten \u00fcber Ihre Nutzung unserer Internetseite gespeichert werden:<\/p><ul><li>Ihre IP-Adresse,<\/li><li>Datum und Uhrzeit des Abrufs,<\/li><li>\u00fcbertragene Datenmenge,<\/li><li>die Seite von der Sie auf unsere Seite gelangt sind,<\/li><li>bei Ihrem Besuch unserer Webseite aufgerufene Unterseiten,<\/li><li>Informationen \u00fcber Ihren Browsertyp und dessen Version<\/li><li>Informationen \u00fcber das von Ihnen verwendete Betriebssystem.<\/li><\/ul><p>Diese Daten werden durch Ausgezeichnet.org gespeichert und verarbeitet.\u00a0<strong>Rechtsgrundlage:\u00a0<\/strong>Wir setzen Ausgezeichnet.org\u00a0auf Grund unseres berechtigten Interesses an der Optimierung und des wirtschaftlichen Betriebes unseres Onlineangebotes ein und um die Qualit\u00e4t unserer Dienstleistung f\u00fcr Sie transparent zu machen, Art. 6 Abs. 1 lit. f DSGVO.\u00a0<strong>L\u00f6schung:<\/strong> Die Daten werden von uns dabei nur solange gespeichert, wie dies f\u00fcr die Aufrechterhaltung der Einbindung der Bewertung erforderlich ist.\u00a0Sie k\u00f6nnen die Verarbeitung Ihrer personenbezogenen Daten verhindern, indem Sie die Setzung von Cookies durch entsprechende Einstellungen in Ihrem Browser unterbinden. Dies kann jedoch dazu f\u00fchren, dass Sie unsere Webseite nicht bzw. nicht in vollem Umfang nutzen k\u00f6nnen.\u00a0<strong>Informationen zum Drittanbieter: <\/strong><\/p><ul><li>Datenschutzerkl\u00e4rung: <a class=\"externalLink\" href=\"https:\/\/www.ausgezeichnet.org\/datenschutz\/\">https:\/\/www.ausgezeichnet.org\/datenschutz\/<\/a><\/li><\/ul><\/div><div class=\"ce_text block\"><h2>Trustpilot<\/h2><p>Wir nutzen auf unserer Webseite das Bewertungstool der Trustpilot A\/S, Pilestraede 58, 5. Etage, 1112 Kopenhagen, D\u00e4nemark.Um Ihnen einen ersten Eindruck \u00fcber die Qualit\u00e4t unserer Angebote und Dienstleistungen zu geben, lassen\u00a0wir \u00fcber das auf unserer Internetseite eingebundene Widget von Trustpilot\u00a0eine Auswahl von Bewertungen unserer Kunden und die aus allen\u00a0Bewertungen gebildete Gesamtnote anzeigen. Die dort angezeigten freiwilligen Bewertungen werden, je nach Entscheidung des Bewertenden, unter einem Klarnamen oder unter selbst gew\u00e4hlten Pseudonymen ver\u00f6ffentlicht. Bei der Ver\u00f6ffentlichung der abgegebenen Bewertungen werden die Datenschutzbestimmungen und die Allgemeinen Gesch\u00e4ftsbedingungen der Trustpilot A\/S zugrunde gelegt. Zur Abgabe einer Bewertung ist eine vorherige Registrierung auf der Webseite der Trustpilot A\/S notwendig. Die dabei angegebenen personenbezogenen Daten werden gem\u00e4\u00df der Datenschutzerkl\u00e4rung der Trustpilot A\/S verarbeitet. Um Ihnen die M\u00f6glichkeit zu bieten unserer Dienste zu bewerten und um eine Verifizierung Ihrer Person zu erm\u00f6glichen, geben wir Ihren Namen, Ihre E-Mailadresse und unsere intern vergebene Referenz-\/Bestell-\/ bzw. Buchungsnummer an die Trustpilot A\/S weiter. <strong>Rechtsgrundlage:<\/strong> Wir setzen Trustpilot\u00a0auf Grund unseres berechtigten Interesses an der Optimierung und des wirtschaftlichen Betriebes unseres Onlineangebotes ein und um die Qualit\u00e4t unserer Dienstleistung f\u00fcr Sie transparent zu machen, Art. 6 Abs. 1 lit. f DSGVO.\u00a0<strong>L\u00f6schung:<\/strong> Die Daten werden von uns nur solange gespeichert, wie dies f\u00fcr die Aufrechterhaltung der Einbindung der Bewertung erforderlich ist.<strong>Informationen zum Drittanbieter: <\/strong><\/p><ul><li>Datenschutzerkl\u00e4rung: <a class=\"externalLink\" href=\"https:\/\/de.legal.trustpilot.com\/end-user-privacy-terms\">https:\/\/de.legal.trustpilot.com\/end-user-privacy-terms<\/a><\/li><li>Allgemeine Gesch\u00e4ftsbedingungen: <a class=\"externalLink\" href=\"https:\/\/de.legal.trustpilot.com\/end-user-terms-and-conditions\">https:\/\/de.legal.trustpilot.com\/end-user-terms-and-conditions<\/a><\/li><\/ul><\/div><div class=\"ce_text privacy_item general_part4 block\"><h2>Sicherheitsma\u00dfnahmen<\/h2><p>Wir treffen im \u00dcbrigen technische und organisatorische Sicherheitsma\u00dfnahmen nach dem Stand der Technik, um die Vorschriften der Datenschutzgesetze einzuhalten und Ihre Daten gegen zuf\u00e4llige oder vors\u00e4tzliche Manipulationen, teilweisen oder vollst\u00e4ndigen Verlust, Zerst\u00f6rung oder gegen den unbefugten Zugriff Dritter zu sch\u00fctzen.<\/p><h2>Aktualit\u00e4t und \u00c4nderung dieser Datenschutzerkl\u00e4rung<\/h2><p>Diese Datenschutzerkl\u00e4rung ist aktuell g\u00fcltig und hat den Stand M\u00e4rz 2020. Aufgrund ge\u00e4nderter gesetzlicher bzw. beh\u00f6rdlicher Vorgaben kann es notwendig werden, diese Datenschutzerkl\u00e4rung anzupassen.Diese Datenschutzerkl\u00e4rung wurde mit Hilfe von SOS Recht erstellt. SOS Recht ist ein Angebot der Mueller.legal Rechtsanw\u00e4lte Partnerschaft\u00a0mit Sitz in Berlin.<\/p><\/div>\t\t\t\t\t<\/div>\n\t\t\t\t\t\t<\/div>\n\t\t\t\t<\/div>\n\t\t\t\t\t\t<\/div>\n\t\t\t\t\t<\/div>\n\t\t<\/div>\n\t\t\t\t\t\t\t\t<\/div>\n\t\t\t\t\t<\/div>\n\t\t<\/section>\n\t\t\t\t<section class=\"elementor-section elementor-top-section elementor-element elementor-element-4a015e7 elementor-section-boxed elementor-section-height-default elementor-section-height-default\" data-id=\"4a015e7\" data-element_type=\"section\" data-settings=\"{&quot;_ha_eqh_enable&quot;:false}\">\n\t\t\t\t\t\t<div class=\"elementor-container elementor-column-gap-default\">\n\t\t\t\t\t\t\t<div class=\"elementor-row\">\n\t\t\t\t\t<div class=\"elementor-column elementor-col-100 elementor-top-column elementor-element elementor-element-cc2ee70\" data-id=\"cc2ee70\" data-element_type=\"column\">\n\t\t\t<div class=\"elementor-column-wrap elementor-element-populated\">\n\t\t\t\t\t\t\t<div class=\"elementor-widget-wrap\">\n\t\t\t\t\t\t<div class=\"elementor-element elementor-element-c049d47 elementor-widget elementor-widget-button\" data-id=\"c049d47\" data-element_type=\"widget\" data-widget_type=\"button.default\">\n\t\t\t\t<div class=\"elementor-widget-container\">\n\t\t\t\t\t<div class=\"elementor-button-wrapper\">\n\t\t\t<a href=\"http:\/\/praxis-mengling.de\/\" class=\"elementor-button-link elementor-button elementor-size-sm elementor-animation-shrink\" role=\"button\">\n\t\t\t\t\t\t<span class=\"elementor-button-content-wrapper\">\n\t\t\t\t\t\t<span class=\"elementor-button-text\">Zur\u00fcck<\/span>\n\t\t<\/span>\n\t\t\t\t\t<\/a>\n\t\t<\/div>\n\t\t\t\t<\/div>\n\t\t\t\t<\/div>\n\t\t\t\t\t\t<\/div>\n\t\t\t\t\t<\/div>\n\t\t<\/div>\n\t\t\t\t\t\t\t\t<\/div>\n\t\t\t\t\t<\/div>\n\t\t<\/section>\n\t\t\t\t\t\t\t\t\t<\/div>\n\t\t\t<\/div>\n\t\t\t\t\t<\/div>\n\t\t","protected":false},"excerpt":{"rendered":"<p>Datenschutzrechtliche Einwilligungserkl\u00e4rung Seehr geehrte Damen und Herren,mit dieser Datenschutzerkl\u00e4rung m\u00f6chten wir Sie \u00fcber Art, Umfang und Zweck der Verarbeitung von personenbezogenen Daten auf unserer Webseite aufkl\u00e4ren. Personenbezogene Daten sind alle Daten, die einen pers\u00f6nlichen Bezug zu Ihnen aufweisen, z. B. Name, Adresse, E-Mail-Adresse oder Nutzerverhalten. &nbsp; Wer bei uns f\u00fcr die Datenverarbeitung verantwortlich ist Verantwortlich [&hellip;]<\/p>\n","protected":false},"author":1,"featured_media":0,"parent":0,"menu_order":0,"comment_status":"closed","ping_status":"closed","template":"","meta":[],"yoast_head":"<!-- This site is optimized with the Yoast SEO plugin v19.9 - https:\/\/yoast.com\/wordpress\/plugins\/seo\/ -->\n<title>Datenschutz - Zahnarztpraxis Uwe Mengling<\/title>\n<meta name=\"robots\" content=\"index, follow, max-snippet:-1, max-image-preview:large, max-video-preview:-1\" \/>\n<link rel=\"canonical\" href=\"https:\/\/praxis-mengling.de\/?page_id=10\" \/>\n<meta property=\"og:locale\" content=\"de_DE\" \/>\n<meta property=\"og:type\" content=\"article\" \/>\n<meta property=\"og:title\" content=\"Datenschutz - Zahnarztpraxis Uwe Mengling\" \/>\n<meta property=\"og:description\" content=\"Datenschutzrechtliche Einwilligungserkl\u00e4rung Seehr geehrte Damen und Herren,mit dieser Datenschutzerkl\u00e4rung m\u00f6chten wir Sie \u00fcber Art, Umfang und Zweck der Verarbeitung von personenbezogenen Daten auf unserer Webseite aufkl\u00e4ren. Personenbezogene Daten sind alle Daten, die einen pers\u00f6nlichen Bezug zu Ihnen aufweisen, z. B. Name, Adresse, E-Mail-Adresse oder Nutzerverhalten. &nbsp; Wer bei uns f\u00fcr die Datenverarbeitung verantwortlich ist Verantwortlich [&hellip;]\" \/>\n<meta property=\"og:url\" content=\"https:\/\/praxis-mengling.de\/?page_id=10\" \/>\n<meta property=\"og:site_name\" content=\"Zahnarztpraxis Uwe Mengling\" \/>\n<meta property=\"article:modified_time\" content=\"2020-03-22T15:16:22+00:00\" \/>\n<meta name=\"twitter:card\" content=\"summary_large_image\" \/>\n<meta name=\"twitter:label1\" content=\"Gesch\u00e4tzte Lesezeit\" \/>\n\t<meta name=\"twitter:data1\" content=\"30\u00a0Minuten\" \/>\n<script type=\"application\/ld+json\" class=\"yoast-schema-graph\">{\"@context\":\"https:\/\/schema.org\",\"@graph\":[{\"@type\":\"WebPage\",\"@id\":\"https:\/\/praxis-mengling.de\/?page_id=10\",\"url\":\"https:\/\/praxis-mengling.de\/?page_id=10\",\"name\":\"Datenschutz - Zahnarztpraxis Uwe Mengling\",\"isPartOf\":{\"@id\":\"https:\/\/praxis-mengling.de\/#website\"},\"datePublished\":\"2020-03-21T12:10:10+00:00\",\"dateModified\":\"2020-03-22T15:16:22+00:00\",\"breadcrumb\":{\"@id\":\"https:\/\/praxis-mengling.de\/?page_id=10#breadcrumb\"},\"inLanguage\":\"de\",\"potentialAction\":[{\"@type\":\"ReadAction\",\"target\":[\"https:\/\/praxis-mengling.de\/?page_id=10\"]}]},{\"@type\":\"BreadcrumbList\",\"@id\":\"https:\/\/praxis-mengling.de\/?page_id=10#breadcrumb\",\"itemListElement\":[{\"@type\":\"ListItem\",\"position\":1,\"name\":\"Startseite\",\"item\":\"https:\/\/praxis-mengling.de\/\"},{\"@type\":\"ListItem\",\"position\":2,\"name\":\"Datenschutz\"}]},{\"@type\":\"WebSite\",\"@id\":\"https:\/\/praxis-mengling.de\/#website\",\"url\":\"https:\/\/praxis-mengling.de\/\",\"name\":\"Zahnarztpraxis Uwe Mengling\",\"description\":\"\",\"publisher\":{\"@id\":\"https:\/\/praxis-mengling.de\/#\/schema\/person\/584d36d768922c42e41bb2e5ff58ba7f\"},\"potentialAction\":[{\"@type\":\"SearchAction\",\"target\":{\"@type\":\"EntryPoint\",\"urlTemplate\":\"https:\/\/praxis-mengling.de\/?s={search_term_string}\"},\"query-input\":\"required name=search_term_string\"}],\"inLanguage\":\"de\"},{\"@type\":[\"Person\",\"Organization\"],\"@id\":\"https:\/\/praxis-mengling.de\/#\/schema\/person\/584d36d768922c42e41bb2e5ff58ba7f\",\"name\":\"Mengling\",\"image\":{\"@type\":\"ImageObject\",\"inLanguage\":\"de\",\"@id\":\"https:\/\/praxis-mengling.de\/#\/schema\/person\/image\/\",\"url\":\"https:\/\/praxis-mengling.de\/wp-content\/uploads\/2020\/03\/LOGO-Mini-Website.png\",\"contentUrl\":\"https:\/\/praxis-mengling.de\/wp-content\/uploads\/2020\/03\/LOGO-Mini-Website.png\",\"width\":2531,\"height\":2530,\"caption\":\"Mengling\"},\"logo\":{\"@id\":\"https:\/\/praxis-mengling.de\/#\/schema\/person\/image\/\"}}]}<\/script>\n<!-- \/ Yoast SEO plugin. -->","yoast_head_json":{"title":"Datenschutz - Zahnarztpraxis Uwe Mengling","robots":{"index":"index","follow":"follow","max-snippet":"max-snippet:-1","max-image-preview":"max-image-preview:large","max-video-preview":"max-video-preview:-1"},"canonical":"https:\/\/praxis-mengling.de\/?page_id=10","og_locale":"de_DE","og_type":"article","og_title":"Datenschutz - Zahnarztpraxis Uwe Mengling","og_description":"Datenschutzrechtliche Einwilligungserkl\u00e4rung Seehr geehrte Damen und Herren,mit dieser Datenschutzerkl\u00e4rung m\u00f6chten wir Sie \u00fcber Art, Umfang und Zweck der Verarbeitung von personenbezogenen Daten auf unserer Webseite aufkl\u00e4ren. Personenbezogene Daten sind alle Daten, die einen pers\u00f6nlichen Bezug zu Ihnen aufweisen, z. B. Name, Adresse, E-Mail-Adresse oder Nutzerverhalten. &nbsp; Wer bei uns f\u00fcr die Datenverarbeitung verantwortlich ist Verantwortlich [&hellip;]","og_url":"https:\/\/praxis-mengling.de\/?page_id=10","og_site_name":"Zahnarztpraxis Uwe Mengling","article_modified_time":"2020-03-22T15:16:22+00:00","twitter_card":"summary_large_image","twitter_misc":{"Gesch\u00e4tzte Lesezeit":"30\u00a0Minuten"},"schema":{"@context":"https:\/\/schema.org","@graph":[{"@type":"WebPage","@id":"https:\/\/praxis-mengling.de\/?page_id=10","url":"https:\/\/praxis-mengling.de\/?page_id=10","name":"Datenschutz - Zahnarztpraxis Uwe Mengling","isPartOf":{"@id":"https:\/\/praxis-mengling.de\/#website"},"datePublished":"2020-03-21T12:10:10+00:00","dateModified":"2020-03-22T15:16:22+00:00","breadcrumb":{"@id":"https:\/\/praxis-mengling.de\/?page_id=10#breadcrumb"},"inLanguage":"de","potentialAction":[{"@type":"ReadAction","target":["https:\/\/praxis-mengling.de\/?page_id=10"]}]},{"@type":"BreadcrumbList","@id":"https:\/\/praxis-mengling.de\/?page_id=10#breadcrumb","itemListElement":[{"@type":"ListItem","position":1,"name":"Startseite","item":"https:\/\/praxis-mengling.de\/"},{"@type":"ListItem","position":2,"name":"Datenschutz"}]},{"@type":"WebSite","@id":"https:\/\/praxis-mengling.de\/#website","url":"https:\/\/praxis-mengling.de\/","name":"Zahnarztpraxis Uwe Mengling","description":"","publisher":{"@id":"https:\/\/praxis-mengling.de\/#\/schema\/person\/584d36d768922c42e41bb2e5ff58ba7f"},"potentialAction":[{"@type":"SearchAction","target":{"@type":"EntryPoint","urlTemplate":"https:\/\/praxis-mengling.de\/?s={search_term_string}"},"query-input":"required name=search_term_string"}],"inLanguage":"de"},{"@type":["Person","Organization"],"@id":"https:\/\/praxis-mengling.de\/#\/schema\/person\/584d36d768922c42e41bb2e5ff58ba7f","name":"Mengling","image":{"@type":"ImageObject","inLanguage":"de","@id":"https:\/\/praxis-mengling.de\/#\/schema\/person\/image\/","url":"https:\/\/praxis-mengling.de\/wp-content\/uploads\/2020\/03\/LOGO-Mini-Website.png","contentUrl":"https:\/\/praxis-mengling.de\/wp-content\/uploads\/2020\/03\/LOGO-Mini-Website.png","width":2531,"height":2530,"caption":"Mengling"},"logo":{"@id":"https:\/\/praxis-mengling.de\/#\/schema\/person\/image\/"}}]}},"_links":{"self":[{"href":"https:\/\/praxis-mengling.de\/index.php?rest_route=\/wp\/v2\/pages\/10"}],"collection":[{"href":"https:\/\/praxis-mengling.de\/index.php?rest_route=\/wp\/v2\/pages"}],"about":[{"href":"https:\/\/praxis-mengling.de\/index.php?rest_route=\/wp\/v2\/types\/page"}],"author":[{"embeddable":true,"href":"https:\/\/praxis-mengling.de\/index.php?rest_route=\/wp\/v2\/users\/1"}],"replies":[{"embeddable":true,"href":"https:\/\/praxis-mengling.de\/index.php?rest_route=%2Fwp%2Fv2%2Fcomments&post=10"}],"version-history":[{"count":9,"href":"https:\/\/praxis-mengling.de\/index.php?rest_route=\/wp\/v2\/pages\/10\/revisions"}],"predecessor-version":[{"id":105,"href":"https:\/\/praxis-mengling.de\/index.php?rest_route=\/wp\/v2\/pages\/10\/revisions\/105"}],"wp:attachment":[{"href":"https:\/\/praxis-mengling.de\/index.php?rest_route=%2Fwp%2Fv2%2Fmedia&parent=10"}],"curies":[{"name":"wp","href":"https:\/\/api.w.org\/{rel}","templated":true}]}}